{"id":315,"date":"2017-11-03T18:15:29","date_gmt":"2017-11-03T17:15:29","guid":{"rendered":"http:\/\/volleyballelitecamp.com\/?page_id=315"},"modified":"2021-03-09T18:00:19","modified_gmt":"2021-03-09T17:00:19","slug":"romans-2","status":"publish","type":"page","link":"https:\/\/volleyballelitecamp.com\/index.php\/romans-2\/","title":{"rendered":"ROMANS 2"},"content":{"rendered":"\t\t<div data-elementor-type=\"wp-page\" data-elementor-id=\"315\" class=\"elementor elementor-315\" data-elementor-settings=\"[]\">\n\t\t\t\t\t\t<div class=\"elementor-inner\">\n\t\t\t\t\t\t\t<div class=\"elementor-section-wrap\">\n\t\t\t\t\t\t\t<section class=\"elementor-section elementor-top-section elementor-element elementor-element-xofyodl elementor-section-height-min-height elementor-section-stretched elementor-section-full_width elementor-section-height-default elementor-section-items-middle\" data-id=\"xofyodl\" data-element_type=\"section\" data-settings=\"{&quot;background_background&quot;:&quot;classic&quot;,&quot;stretch_section&quot;:&quot;section-stretched&quot;}\">\n\t\t\t\t\t\t\t<div class=\"elementor-background-overlay\"><\/div>\n\t\t\t\t\t\t\t<div class=\"elementor-container elementor-column-gap-default\">\n\t\t\t\t\t\t\t<div class=\"elementor-row\">\n\t\t\t\t\t<div class=\"elementor-column elementor-col-100 elementor-top-column elementor-element elementor-element-irzbmsf\" data-id=\"irzbmsf\" data-element_type=\"column\">\n\t\t\t<div class=\"elementor-column-wrap elementor-element-populated\">\n\t\t\t\t\t\t\t<div class=\"elementor-widget-wrap\">\n\t\t\t\t\t\t<div class=\"elementor-element elementor-element-g7c5h4y elementor-widget elementor-widget-image\" data-id=\"g7c5h4y\" data-element_type=\"widget\" data-widget_type=\"image.default\">\n\t\t\t\t<div class=\"elementor-widget-container\">\n\t\t\t\t\t\t\t\t<div class=\"elementor-image\">\n\t\t\t\t\t\t\t\t\t\t\t\t<img src=\"https:\/\/volleyballelitecamp.com\/wp-content\/uploads\/2017\/11\/logo_villederomans.png\" title=\"logo_villederomans\" alt=\"logo_villederomans\" \/>\t\t\t\t\t\t\t\t\t\t\t\t\t\t<\/div>\n\t\t\t\t\t\t<\/div>\n\t\t\t\t<\/div>\n\t\t\t\t<div class=\"elementor-element elementor-element-xqsvruo elementor-widget elementor-widget-heading\" data-id=\"xqsvruo\" data-element_type=\"widget\" data-widget_type=\"heading.default\">\n\t\t\t\t<div class=\"elementor-widget-container\">\n\t\t\t<h2 class=\"elementor-heading-title elementor-size-large\">ROMANS-SUR-is\u00e8re<\/h2>\t\t<\/div>\n\t\t\t\t<\/div>\n\t\t\t\t\t\t<\/div>\n\t\t\t\t\t<\/div>\n\t\t<\/div>\n\t\t\t\t\t\t\t\t<\/div>\n\t\t\t\t\t<\/div>\n\t\t<\/section>\n\t\t\t\t<section class=\"elementor-section elementor-top-section elementor-element elementor-element-wdlsfij elementor-section-boxed elementor-section-height-default elementor-section-height-default\" data-id=\"wdlsfij\" data-element_type=\"section\">\n\t\t\t\t\t\t<div class=\"elementor-container elementor-column-gap-default\">\n\t\t\t\t\t\t\t<div class=\"elementor-row\">\n\t\t\t\t\t<div class=\"elementor-column elementor-col-100 elementor-top-column elementor-element elementor-element-novlrnn\" data-id=\"novlrnn\" data-element_type=\"column\">\n\t\t\t<div class=\"elementor-column-wrap elementor-element-populated\">\n\t\t\t\t\t\t\t<div class=\"elementor-widget-wrap\">\n\t\t\t\t\t\t<div class=\"elementor-element elementor-element-sfepznh elementor-widget elementor-widget-text-editor\" data-id=\"sfepznh\" data-element_type=\"widget\" data-widget_type=\"text-editor.default\">\n\t\t\t\t<div class=\"elementor-widget-container\">\n\t\t\t\t\t\t\t\t<div class=\"elementor-text-editor elementor-clearfix\">\n\t\t\t\t<p><strong>Romans au coeur de l\u2019agglom\u00e9ration\u00a0<\/strong><\/p><p>Romans est divis\u00e9e de sa ville s\u0153ur de Bourg-de-P\u00e9age par la jolie rivi\u00e8re Is\u00e8re.<\/p><p>Romans est plac\u00e9e sur la grande voie de passage que la nature a ouverte entre les\u00a0<a title=\"Alpes\" href=\"https:\/\/fr.wikipedia.org\/wiki\/Alpes\">Alpes<\/a>\u00a0et le\u00a0<a title=\"Massif central\" href=\"https:\/\/fr.wikipedia.org\/wiki\/Massif_central\">Massif central<\/a>. Mais \u00e0 la diff\u00e9rence des autres villes de la\u00a0<a title=\"Vall\u00e9e du Rh\u00f4ne (France)\" href=\"https:\/\/fr.wikipedia.org\/wiki\/Vall%C3%A9e_du_Rh%C3%B4ne_(France)\">vall\u00e9e du Rh\u00f4ne<\/a>\u00a0comme\u00a0<a title=\"Valence (Dr\u00f4me)\" href=\"https:\/\/fr.wikipedia.org\/wiki\/Valence_(Dr%C3%B4me)\">Valence<\/a>\u00a0ou\u00a0<a title=\"Avignon\" href=\"https:\/\/fr.wikipedia.org\/wiki\/Avignon\">Avignon<\/a>, Romans ne se situe pas au bord du\u00a0<a title=\"Rh\u00f4ne\" href=\"https:\/\/fr.wikipedia.org\/wiki\/Rh%C3%B4ne\">Rh\u00f4ne<\/a>, mais sur un de ses grands affluents, l\u2019<a title=\"Is\u00e8re (rivi\u00e8re)\" href=\"https:\/\/fr.wikipedia.org\/wiki\/Is%C3%A8re_(rivi%C3%A8re)\">Is\u00e8re<\/a>, une rivi\u00e8re difficilement franchissable aux abords de son confluent avec le Rh\u00f4ne.<\/p><p><strong>Romans, le patrimoine du luxe fran\u00e7ais<\/strong><\/p><p>Romans \u00ab\u00a0Capitale de la Chaussure de Luxe\u00a0\u00bb illustre le savoir faire et la longue tradition du travail du cuir de la cit\u00e9 romanaise. Romans doit \u00e9galement sa notori\u00e9t\u00e9 \u00e0 son patrimoine architectural (Coll\u00e9giale Saint-Barnard, h\u00f4tels particuliers des XVi\u00e8me et XVIi\u00e8me si\u00e8cles, mus\u00e9e de la chaussure\u2026 ), \u00e0 ses sp\u00e9cialit\u00e9s du terroir (ravioles, pognes\u2026) \u00e0 son sens de la f\u00eate (Carnaval) et \u00e0 son ouverture sur le monde.<\/p><p>Marques Avenue Romans est install\u00e9 au c\u0153ur du centre-ville dans l\u2019ancienne caserne de gendarmerie r\u00e9habilit\u00e9e par l\u2019architecte Jean Michel Wilmotte. Dans la Dr\u00f4me, aux portes de la Provence, Marques Avenue Romans est le deuxi\u00e8me centres de marques le plus visit\u00e9 en France.<\/p><p><strong>Romans Ville Sportive<\/strong><\/p><p>En 2016, Romans-sur-Is\u00e8re est la destination d\u2019une \u00e9tape du Paris-Nice au printemps. Une course qu\u2019on avait bien sentie comme un pr\u00e9alable \u00e0 l\u2019arriv\u00e9e de la Grande Boucle sur la cit\u00e9 de Jacquemart. C\u2019est chose faite ! La nouvelle a \u00e9t\u00e9 rendue officielle mardi 18\u00a0octobre : mardi 18 juillet 2017, la capitale de la chaussure sera ville d\u2019arriv\u00e9e d\u2019une \u00e9tape de 165 kilom\u00e8tres en provenance du Puy-en-Velay. Romans justifie \u00e0 nouveau son label de \u00ab\u00a0<strong>ville la plus sportive<\/strong>\u00a0\u00bb de la Dr\u00f4me.<\/p>\t\t\t\t\t<\/div>\n\t\t\t\t\t\t<\/div>\n\t\t\t\t<\/div>\n\t\t\t\t\t\t<\/div>\n\t\t\t\t\t<\/div>\n\t\t<\/div>\n\t\t\t\t\t\t\t\t<\/div>\n\t\t\t\t\t<\/div>\n\t\t<\/section>\n\t\t\t\t<section class=\"elementor-section elementor-top-section elementor-element elementor-element-d3581d1 elementor-section-full_width elementor-section-stretched elementor-section-height-default elementor-section-height-default\" data-id=\"d3581d1\" data-element_type=\"section\" data-settings=\"{&quot;stretch_section&quot;:&quot;section-stretched&quot;}\">\n\t\t\t\t\t\t<div class=\"elementor-container elementor-column-gap-default\">\n\t\t\t\t\t\t\t<div class=\"elementor-row\">\n\t\t\t\t\t<div class=\"elementor-column elementor-col-100 elementor-top-column elementor-element elementor-element-622fafe\" data-id=\"622fafe\" data-element_type=\"column\">\n\t\t\t<div class=\"elementor-column-wrap elementor-element-populated\">\n\t\t\t\t\t\t\t<div class=\"elementor-widget-wrap\">\n\t\t\t\t\t\t<div class=\"elementor-element elementor-element-4dc0502 elementor-widget elementor-widget-google_maps\" data-id=\"4dc0502\" data-element_type=\"widget\" data-widget_type=\"google_maps.default\">\n\t\t\t\t<div class=\"elementor-widget-container\">\n\t\t\t\t\t<div class=\"elementor-custom-embed\">\n\t\t\t<iframe frameborder=\"0\" scrolling=\"no\" marginheight=\"0\" marginwidth=\"0\"\n\t\t\t\t\tsrc=\"https:\/\/maps.google.com\/maps?q=Romans%20sur%20Is%C3%A8re&#038;t=m&#038;z=6&#038;output=embed&#038;iwloc=near\"\n\t\t\t\t\ttitle=\"Romans sur Is\u00e8re\"\n\t\t\t\t\taria-label=\"Romans sur Is\u00e8re\"\n\t\t\t><\/iframe>\n\t\t<\/div>\n\t\t\t\t<\/div>\n\t\t\t\t<\/div>\n\t\t\t\t\t\t<\/div>\n\t\t\t\t\t<\/div>\n\t\t<\/div>\n\t\t\t\t\t\t\t\t<\/div>\n\t\t\t\t\t<\/div>\n\t\t<\/section>\n\t\t\t\t\t\t<\/div>\n\t\t\t\t\t\t<\/div>\n\t\t\t\t\t<\/div>\n\t\t","protected":false},"excerpt":{"rendered":"<p>ROMANS-SUR-is\u00e8re Romans au coeur de l\u2019agglom\u00e9ration\u00a0 Romans est divis\u00e9e de sa ville s\u0153ur de Bourg-de-P\u00e9age par la jolie rivi\u00e8re Is\u00e8re. Romans est plac\u00e9e sur la grande voie de passage que la nature a ouverte entre les\u00a0Alpes\u00a0et le\u00a0Massif central. Mais \u00e0 la diff\u00e9rence des autres villes&#8230;<\/p>\n","protected":false},"author":1,"featured_media":0,"parent":0,"menu_order":0,"comment_status":"closed","ping_status":"closed","template":"","meta":{"_eb_attr":""},"_links":{"self":[{"href":"https:\/\/volleyballelitecamp.com\/index.php\/wp-json\/wp\/v2\/pages\/315"}],"collection":[{"href":"https:\/\/volleyballelitecamp.com\/index.php\/wp-json\/wp\/v2\/pages"}],"about":[{"href":"https:\/\/volleyballelitecamp.com\/index.php\/wp-json\/wp\/v2\/types\/page"}],"author":[{"embeddable":true,"href":"https:\/\/volleyballelitecamp.com\/index.php\/wp-json\/wp\/v2\/users\/1"}],"replies":[{"embeddable":true,"href":"https:\/\/volleyballelitecamp.com\/index.php\/wp-json\/wp\/v2\/comments?post=315"}],"version-history":[{"count":17,"href":"https:\/\/volleyballelitecamp.com\/index.php\/wp-json\/wp\/v2\/pages\/315\/revisions"}],"predecessor-version":[{"id":601,"href":"https:\/\/volleyballelitecamp.com\/index.php\/wp-json\/wp\/v2\/pages\/315\/revisions\/601"}],"wp:attachment":[{"href":"https:\/\/volleyballelitecamp.com\/index.php\/wp-json\/wp\/v2\/media?parent=315"}],"curies":[{"name":"wp","href":"https:\/\/api.w.org\/{rel}","templated":true}]}}